{"id":217,"date":"2023-04-08T17:14:38","date_gmt":"2023-04-08T17:14:38","guid":{"rendered":"https:\/\/pancykliniarz.pl\/?page_id=217"},"modified":"2024-09-11T19:06:31","modified_gmt":"2024-09-11T18:06:31","slug":"cyklinowanie-gorzow-wielkopolski-lubuskie-zielona-gora-zachodniopomorskie-szczecin-wielkopolskie-poznan","status":"publish","type":"page","link":"https:\/\/pancykliniarz.pl\/?page_id=217","title":{"rendered":"Kontakt"},"content":{"rendered":"\n<a href=\"https:\/\/pancykliniarz.oferteo.pl\/\" target=\"_blank\" rel=\"noopener\"><img decoding=\"async\" src=\"https:\/\/www.oferteo.pl\/images\/buttons\/badge-best-current-2024.svg\" class=\"oferteo-badge\" style=\"width: 192px;\"><\/a>\n\n\n\n<a href=\"https:\/\/pancykliniarz.oferteo.pl\/\" target=\"_blank\" rel=\"noopener\"><img decoding=\"async\" src=\"https:\/\/www.oferteo.pl\/images\/buttons\/badge-best-current-2023.svg\" class=\"oferteo-badge\" style=\"width: 192px;\"><\/a>\n\n\n\n<a href=\"https:\/\/fixly.pl\/profil\/hjjto90h\" target=\"_blank\" rel=\"noopener\"> <img decoding=\"async\" style=\"border: 0px none;\" src=\"https:\/\/pancykliniarz.pl\/wp-content\/uploads\/2023\/05\/top-wykonawca-2022_rgb-1.png\" alt=\"TOP Wykonawca Fixly w 2022 roku\" width=\"200\"><\/a>\n\n\n\n<a href=\"https:\/\/fixly.pl\/profil\/hjjto90h\" target=\"_blank\" rel=\"noopener\"> <img decoding=\"async\" alt=\"Polecaj\u0105 mnie na Fixly\" src=\"https:\/\/fixly.pl\/profil\/hjjto90h\/widget-b01-2x.png\" style=\"border: 0 none;\" width=\"175\"> <\/a>\n\n\n\n<p><\/p>\n\n\n\n<h2 class=\"wp-block-heading\">Kontakt<\/h2>\n\n\n\n<p>Pan Cykliniarz Cyklinowanie Bezpy\u0142owe Cyklinowanie Parkietu Pod\u0142\u00f3g i Schod\u00f3w Janusz Jelski<br>66-400 Gorz\u00f3w Wielkopolski ul. Dywizjonu 303 2a\/1<\/p>\n\n\n\n<p>NIP: 5991605817<\/p>\n\n\n\n<p>REGON: 081113445<\/p>\n\n\n\n<p>+48 799 044 602<\/p>\n\n\n\n<p>kontakt@pancykliniarz.pl<\/p>\n\n\n\n<div style=\"height:37px\" aria-hidden=\"true\" class=\"wp-block-spacer\"><\/div>\n\n\n\n<h2 class=\"wp-block-heading\">Wykonujemy us\u0142ugi: <\/h2>\n\n\n\n<h2 class=\"wp-block-heading\">cyklinowanie parkietu, cyklinowanie pod\u0142ogi i schod\u00f3w na terenie miejscowo\u015bci:<\/h2>\n\n\n\n<h3 class=\"wp-block-heading\">wojew\u00f3dztwo lubuskie<\/h3>\n\n\n\n<ul>\n<li>Gorz\u00f3w Wielkopolski<\/li>\n\n\n\n<li>Skwierzyna<\/li>\n\n\n\n<li>Mi\u0119dzyrzecz<\/li>\n\n\n\n<li>Sul\u0119cin<\/li>\n\n\n\n<li>Witnica<\/li>\n\n\n\n<li>Kostrzyn n. O<\/li>\n\n\n\n<li>S\u0142ubice<\/li>\n\n\n\n<li>Rzepin<\/li>\n\n\n\n<li>S\u0142o\u0144sk<\/li>\n\n\n\n<li>Lubniewice<\/li>\n\n\n\n<li>\u0141ag\u00f3w<\/li>\n\n\n\n<li>Krzeszyce<\/li>\n\n\n\n<li>O\u015bno Lubuskie<\/li>\n\n\n\n<li>Strzelce Kraje\u0144skie<\/li>\n\n\n\n<li>Drezdenko<\/li>\n\n\n\n<li>Pszczew<\/li>\n\n\n\n<li>Dobiegniew<\/li>\n\n\n\n<li>i okolice<\/li>\n<\/ul>\n\n\n\n<ul>\n<li>Zielona G\u00f3ra<\/li>\n\n\n\n<li>\u015awiebodzin<\/li>\n\n\n\n<li>Sulech\u00f3w<\/li>\n\n\n\n<li>Krosno Odrza\u0144skie<\/li>\n\n\n\n<li>Cybinka<\/li>\n\n\n\n<li>i okolice<\/li>\n<\/ul>\n\n\n\n<h3 class=\"wp-block-heading\">wojew\u00f3dztwo zachodniopomorskie<\/h3>\n\n\n\n<ul>\n<li>Szczecin<\/li>\n\n\n\n<li>Police<\/li>\n\n\n\n<li>Stargard<\/li>\n\n\n\n<li>Goleni\u00f3w<\/li>\n\n\n\n<li>\u015awinouj\u015bcie<\/li>\n\n\n\n<li>Mi\u0119dzyzdroje<\/li>\n\n\n\n<li>Mi\u0119dzywodzie<\/li>\n\n\n\n<li>Dziwn\u00f3w<\/li>\n\n\n\n<li>Kamie\u0144 Pomorski<\/li>\n\n\n\n<li>Wolin<\/li>\n\n\n\n<li>Nowogard<\/li>\n\n\n\n<li>Trzebiat\u00f3w<\/li>\n\n\n\n<li>Gryfice<\/li>\n\n\n\n<li>Ko\u0142obrzeg<\/li>\n\n\n\n<li>Pyrzyce<\/li>\n\n\n\n<li>Choszczno<\/li>\n\n\n\n<li>Chojna<\/li>\n\n\n\n<li>Trzci\u0144sko Zdr\u00f3j<\/li>\n\n\n\n<li>Lipiany<\/li>\n\n\n\n<li>Pe\u0142czyce<\/li>\n\n\n\n<li>Drawsko Pomorskie<\/li>\n\n\n\n<li>Wa\u0142cz<\/li>\n\n\n\n<li>Gryfino<\/li>\n\n\n\n<li>My\u015blib\u00f3rz<\/li>\n\n\n\n<li>Barlinek<\/li>\n\n\n\n<li>i okolice<\/li>\n<\/ul>\n\n\n\n<h3 class=\"wp-block-heading\">wojew\u00f3dztwo wielkopolskie<\/h3>\n\n\n\n<ul>\n<li>Pozna\u0144<\/li>\n\n\n\n<li>Swarz\u0119dz<\/li>\n\n\n\n<li>Tarnowo Podg\u00f3rne<\/li>\n\n\n\n<li>Nowy Tomy\u015bl<\/li>\n\n\n\n<li>Mi\u0119dzych\u00f3d<\/li>\n\n\n\n<li>Pniewy<\/li>\n\n\n\n<li>Sierak\u00f3w<\/li>\n\n\n\n<li>Zb\u0105szy\u0144<\/li>\n\n\n\n<li>Wolsztyn<\/li>\n\n\n\n<li>Grodzisk Wielkopolski<\/li>\n\n\n\n<li>Krzy\u017c wielkopolski<\/li>\n\n\n\n<li>Wronki<\/li>\n\n\n\n<li>Szamotu\u0142y<\/li>\n\n\n\n<li>Oborniki<\/li>\n\n\n\n<li>i okolice<\/li>\n<\/ul>\n\n\n\n<p>Przy wi\u0119kszych zleceniach na terenie ca\u0142ego kraju oraz na terenie Niemiec<\/p>\n\n\n\n<p>Oferujemy profesjonalne doradztwo oraz bezp\u0142atn\u0105 wycen\u0119.<\/p>\n\n\n\n<p>Zapraszamy do kontaktu telefonicznego, e-mailowego, lub przez formularz kontaktowy.<\/p>\n\n\n\n<a style=\"display: inline-block; box-sizing: border-box; border-radius: 5px;color: white !important; width: auto; text-align: center !important; font-size: 24px !important; font-weight: bold !important; padding: 15px 20px !important;text-decoration: none !important;background: #ffdb26 !important;\" class=\"wp-call-button-in-btn\" href=\"tel:+48799044602\"><span>Zadzwo\u0144<\/span><\/a>\n\n\n\n<p><\/p>\n\n\n\n<div class=\"wp-block-contact-form-7-contact-form-selector\">\n<div class=\"wpcf7 no-js\" id=\"wpcf7-f31-o1\" lang=\"pl-PL\" dir=\"ltr\">\n<div class=\"screen-reader-response\"><p role=\"status\" aria-live=\"polite\" aria-atomic=\"true\"><\/p> <ul><\/ul><\/div>\n<form action=\"\/index.php?rest_route=%2Fwp%2Fv2%2Fpages%2F217#wpcf7-f31-o1\" method=\"post\" class=\"wpcf7-form init\" aria-label=\"Formularz kontaktowy\" novalidate=\"novalidate\" data-status=\"init\">\n<div style=\"display: none;\">\n<input type=\"hidden\" name=\"_wpcf7\" value=\"31\" \/>\n<input type=\"hidden\" name=\"_wpcf7_version\" value=\"5.8.5\" \/>\n<input type=\"hidden\" name=\"_wpcf7_locale\" value=\"pl_PL\" \/>\n<input type=\"hidden\" name=\"_wpcf7_unit_tag\" value=\"wpcf7-f31-o1\" \/>\n<input type=\"hidden\" name=\"_wpcf7_container_post\" value=\"0\" \/>\n<input type=\"hidden\" name=\"_wpcf7_posted_data_hash\" value=\"\" \/>\n<\/div>\n<p><label> Twoje imi\u0119 i nazwisko<br \/>\n<span class=\"wpcf7-form-control-wrap\" data-name=\"your-name\"><input size=\"40\" class=\"wpcf7-form-control wpcf7-text wpcf7-validates-as-required\" autocomplete=\"name\" aria-required=\"true\" aria-invalid=\"false\" value=\"\" type=\"text\" name=\"your-name\" \/><\/span> <\/label>\n<\/p>\n<p><label> Tw\u00f3j adres e-mail<br \/>\n<span class=\"wpcf7-form-control-wrap\" data-name=\"your-email\"><input size=\"40\" class=\"wpcf7-form-control wpcf7-email wpcf7-validates-as-required wpcf7-text wpcf7-validates-as-email\" autocomplete=\"email\" aria-required=\"true\" aria-invalid=\"false\" value=\"\" type=\"email\" name=\"your-email\" \/><\/span> <\/label>\n<\/p>\n<p><label> Temat<br \/>\n<span class=\"wpcf7-form-control-wrap\" data-name=\"your-subject\"><input size=\"40\" class=\"wpcf7-form-control wpcf7-text wpcf7-validates-as-required\" aria-required=\"true\" aria-invalid=\"false\" value=\"\" type=\"text\" name=\"your-subject\" \/><\/span> <\/label>\n<\/p>\n<p><label> Twoja wiadomo\u015bci (opcjonalne)<br \/>\n<span class=\"wpcf7-form-control-wrap\" data-name=\"your-message\"><textarea cols=\"40\" rows=\"10\" class=\"wpcf7-form-control wpcf7-textarea\" aria-invalid=\"false\" name=\"your-message\"><\/textarea><\/span> <\/label>\n<\/p>\n<p><input class=\"wpcf7-form-control wpcf7-submit has-spinner\" type=\"submit\" value=\"Wy\u015blij\" \/>\n<\/p><p style=\"display: none !important;\"><label>&#916;<textarea name=\"_wpcf7_ak_hp_textarea\" cols=\"45\" rows=\"8\" maxlength=\"100\"><\/textarea><\/label><input type=\"hidden\" id=\"ak_js_1\" name=\"_wpcf7_ak_js\" value=\"29\"\/><script>document.getElementById( \"ak_js_1\" ).setAttribute( \"value\", ( new Date() ).getTime() );<\/script><\/p><div class=\"wpcf7-response-output\" aria-hidden=\"true\"><\/div>\n<\/form>\n<\/div>\n<\/div>\n","protected":false},"excerpt":{"rendered":"<p>Kontakt Pan Cykliniarz Cyklinowanie Bezpy\u0142owe Cyklinowanie Parkietu Pod\u0142\u00f3g i Schod\u00f3w Janusz Jelski66-400 Gorz\u00f3w Wielkopolski ul. Dywizjonu 303 2a\/1 NIP: 5991605817 REGON: 081113445 +48 799 044 [&hellip;]<\/p>\n","protected":false},"author":1,"featured_media":0,"parent":0,"menu_order":0,"comment_status":"closed","ping_status":"closed","template":"","meta":{"footnotes":"","two_page_speed":{"previous_score":{"desktop_score":97,"desktop_tti":"0.8\u00a0","mobile_score":83,"mobile_tti":"3.4\u00a0","date":"26.04.2024 06:36:52 pm","status":"completed"},"current_score":{"desktop_score":99,"desktop_tti":"0.7\u00a0","mobile_score":96,"mobile_tti":"2.9\u00a0","date":"11.09.2024 07:06:58 pm","status":"error_no_score"}}},"yoast_head":"<!-- This site is optimized with the Yoast SEO plugin v21.8 - https:\/\/yoast.com\/wordpress\/plugins\/seo\/ -->\n<title>Cyklinowanie, renowacja pod\u0142\u00f3g i schod\u00f3w - Pan Cykliniarz +48 799 044 602<\/title>\n<meta name=\"description\" content=\"Cyklinowanie bezpy\u0142owe, renowacja pod\u0142\u00f3g i schod\u00f3w. Lubuskie, zachodniopomorskie, wielkopolskie. Gorz\u00f3w Wielkopolski, Zielona G\u00f3ra, Szczecin\" \/>\n<meta name=\"robots\" content=\"index, follow, max-snippet:-1, max-image-preview:large, max-video-preview:-1\" \/>\n<link rel=\"canonical\" href=\"https:\/\/pancykliniarz.pl\/?page_id=217\" \/>\n<meta property=\"og:locale\" content=\"pl_PL\" \/>\n<meta property=\"og:type\" content=\"article\" \/>\n<meta property=\"og:title\" content=\"Cyklinowanie, renowacja pod\u0142\u00f3g i schod\u00f3w - Pan Cykliniarz +48 799 044 602\" \/>\n<meta property=\"og:description\" content=\"Cyklinowanie bezpy\u0142owe, renowacja pod\u0142\u00f3g i schod\u00f3w. Lubuskie, zachodniopomorskie, wielkopolskie. Gorz\u00f3w Wielkopolski, Zielona G\u00f3ra, Szczecin\" \/>\n<meta property=\"og:url\" content=\"https:\/\/pancykliniarz.pl\/?page_id=217\" \/>\n<meta property=\"og:site_name\" content=\"Pan Cykliniarz +48 799 044 602\" \/>\n<meta property=\"article:publisher\" content=\"https:\/\/www.facebook.com\/profile.php?id=100090941047503\" \/>\n<meta property=\"article:modified_time\" content=\"2024-09-11T18:06:31+00:00\" \/>\n<meta property=\"og:image\" content=\"https:\/\/www.oferteo.pl\/images\/buttons\/badge-best-current-2024.svg\" \/>\n<meta name=\"twitter:card\" content=\"summary_large_image\" \/>\n<meta name=\"twitter:label1\" content=\"Szacowany czas czytania\" \/>\n\t<meta name=\"twitter:data1\" content=\"2 minuty\" \/>\n<script type=\"application\/ld+json\" class=\"yoast-schema-graph\">{\"@context\":\"https:\/\/schema.org\",\"@graph\":[{\"@type\":\"WebPage\",\"@id\":\"https:\/\/pancykliniarz.pl\/?page_id=217\",\"url\":\"https:\/\/pancykliniarz.pl\/?page_id=217\",\"name\":\"Cyklinowanie, renowacja pod\u0142\u00f3g i schod\u00f3w - Pan Cykliniarz +48 799 044 602\",\"isPartOf\":{\"@id\":\"https:\/\/pancykliniarz.pl\/#website\"},\"datePublished\":\"2023-04-08T17:14:38+00:00\",\"dateModified\":\"2024-09-11T18:06:31+00:00\",\"description\":\"Cyklinowanie bezpy\u0142owe, renowacja pod\u0142\u00f3g i schod\u00f3w. Lubuskie, zachodniopomorskie, wielkopolskie. Gorz\u00f3w Wielkopolski, Zielona G\u00f3ra, Szczecin\",\"breadcrumb\":{\"@id\":\"https:\/\/pancykliniarz.pl\/?page_id=217#breadcrumb\"},\"inLanguage\":\"pl-PL\",\"potentialAction\":[{\"@type\":\"ReadAction\",\"target\":[\"https:\/\/pancykliniarz.pl\/?page_id=217\"]}]},{\"@type\":\"BreadcrumbList\",\"@id\":\"https:\/\/pancykliniarz.pl\/?page_id=217#breadcrumb\",\"itemListElement\":[{\"@type\":\"ListItem\",\"position\":1,\"name\":\"Cyklinowanie Strona G\u0142\u00f3wna\",\"item\":\"https:\/\/pancykliniarz.pl\/\"},{\"@type\":\"ListItem\",\"position\":2,\"name\":\"Kontakt\"}]},{\"@type\":\"WebSite\",\"@id\":\"https:\/\/pancykliniarz.pl\/#website\",\"url\":\"https:\/\/pancykliniarz.pl\/\",\"name\":\"Pan Cykliniarz Cyklinowanie Bezpy\u0142owe Cyklinowanie Parkietu Pod\u0142\u00f3g i Schod\u00f3w\",\"description\":\"Cyklinowanie Parkietu Cyklinowanie Pod\u0142ogi Cyklinowanie Bezpy\u0142owe Gorz\u00f3w Wielkopolski Sczecin Zielona G\u00f3ra\",\"publisher\":{\"@id\":\"https:\/\/pancykliniarz.pl\/#organization\"},\"alternateName\":\"Pan Cykliniarz Bezpy\u0142owe Cyklinowanie Parkietu Lubuskie Zachodniopomorskie Wielkopolskie\",\"potentialAction\":[{\"@type\":\"SearchAction\",\"target\":{\"@type\":\"EntryPoint\",\"urlTemplate\":\"https:\/\/pancykliniarz.pl\/?s={search_term_string}\"},\"query-input\":\"required name=search_term_string\"}],\"inLanguage\":\"pl-PL\"},{\"@type\":\"Organization\",\"@id\":\"https:\/\/pancykliniarz.pl\/#organization\",\"name\":\"Pan Cykliniarz Cyklinowanie Bezpy\u0142owe Cyklinowanie Parkietu Pod\u0142\u00f3g i Schod\u00f3w\",\"url\":\"https:\/\/pancykliniarz.pl\/\",\"logo\":{\"@type\":\"ImageObject\",\"inLanguage\":\"pl-PL\",\"@id\":\"https:\/\/pancykliniarz.pl\/#\/schema\/logo\/image\/\",\"url\":\"https:\/\/pancykliniarz.pl\/wp-content\/uploads\/2023\/02\/cropped-IMG_20220810_225637-2.jpg\",\"contentUrl\":\"https:\/\/pancykliniarz.pl\/wp-content\/uploads\/2023\/02\/cropped-IMG_20220810_225637-2.jpg\",\"width\":260,\"height\":250,\"caption\":\"Pan Cykliniarz Cyklinowanie Bezpy\u0142owe Cyklinowanie Parkietu Pod\u0142\u00f3g i Schod\u00f3w\"},\"image\":{\"@id\":\"https:\/\/pancykliniarz.pl\/#\/schema\/logo\/image\/\"},\"sameAs\":[\"https:\/\/www.facebook.com\/profile.php?id=100090941047503\"]}]}<\/script>\n<!-- \/ Yoast SEO plugin. -->","yoast_head_json":{"title":"Cyklinowanie, renowacja pod\u0142\u00f3g i schod\u00f3w - Pan Cykliniarz +48 799 044 602","description":"Cyklinowanie bezpy\u0142owe, renowacja pod\u0142\u00f3g i schod\u00f3w. Lubuskie, zachodniopomorskie, wielkopolskie. Gorz\u00f3w Wielkopolski, Zielona G\u00f3ra, Szczecin","robots":{"index":"index","follow":"follow","max-snippet":"max-snippet:-1","max-image-preview":"max-image-preview:large","max-video-preview":"max-video-preview:-1"},"canonical":"https:\/\/pancykliniarz.pl\/?page_id=217","og_locale":"pl_PL","og_type":"article","og_title":"Cyklinowanie, renowacja pod\u0142\u00f3g i schod\u00f3w - Pan Cykliniarz +48 799 044 602","og_description":"Cyklinowanie bezpy\u0142owe, renowacja pod\u0142\u00f3g i schod\u00f3w. Lubuskie, zachodniopomorskie, wielkopolskie. Gorz\u00f3w Wielkopolski, Zielona G\u00f3ra, Szczecin","og_url":"https:\/\/pancykliniarz.pl\/?page_id=217","og_site_name":"Pan Cykliniarz +48 799 044 602","article_publisher":"https:\/\/www.facebook.com\/profile.php?id=100090941047503","article_modified_time":"2024-09-11T18:06:31+00:00","og_image":[{"url":"https:\/\/www.oferteo.pl\/images\/buttons\/badge-best-current-2024.svg"}],"twitter_card":"summary_large_image","twitter_misc":{"Szacowany czas czytania":"2 minuty"},"schema":{"@context":"https:\/\/schema.org","@graph":[{"@type":"WebPage","@id":"https:\/\/pancykliniarz.pl\/?page_id=217","url":"https:\/\/pancykliniarz.pl\/?page_id=217","name":"Cyklinowanie, renowacja pod\u0142\u00f3g i schod\u00f3w - Pan Cykliniarz +48 799 044 602","isPartOf":{"@id":"https:\/\/pancykliniarz.pl\/#website"},"datePublished":"2023-04-08T17:14:38+00:00","dateModified":"2024-09-11T18:06:31+00:00","description":"Cyklinowanie bezpy\u0142owe, renowacja pod\u0142\u00f3g i schod\u00f3w. Lubuskie, zachodniopomorskie, wielkopolskie. Gorz\u00f3w Wielkopolski, Zielona G\u00f3ra, Szczecin","breadcrumb":{"@id":"https:\/\/pancykliniarz.pl\/?page_id=217#breadcrumb"},"inLanguage":"pl-PL","potentialAction":[{"@type":"ReadAction","target":["https:\/\/pancykliniarz.pl\/?page_id=217"]}]},{"@type":"BreadcrumbList","@id":"https:\/\/pancykliniarz.pl\/?page_id=217#breadcrumb","itemListElement":[{"@type":"ListItem","position":1,"name":"Cyklinowanie Strona G\u0142\u00f3wna","item":"https:\/\/pancykliniarz.pl\/"},{"@type":"ListItem","position":2,"name":"Kontakt"}]},{"@type":"WebSite","@id":"https:\/\/pancykliniarz.pl\/#website","url":"https:\/\/pancykliniarz.pl\/","name":"Pan Cykliniarz Cyklinowanie Bezpy\u0142owe Cyklinowanie Parkietu Pod\u0142\u00f3g i Schod\u00f3w","description":"Cyklinowanie Parkietu Cyklinowanie Pod\u0142ogi Cyklinowanie Bezpy\u0142owe Gorz\u00f3w Wielkopolski Sczecin Zielona G\u00f3ra","publisher":{"@id":"https:\/\/pancykliniarz.pl\/#organization"},"alternateName":"Pan Cykliniarz Bezpy\u0142owe Cyklinowanie Parkietu Lubuskie Zachodniopomorskie Wielkopolskie","potentialAction":[{"@type":"SearchAction","target":{"@type":"EntryPoint","urlTemplate":"https:\/\/pancykliniarz.pl\/?s={search_term_string}"},"query-input":"required name=search_term_string"}],"inLanguage":"pl-PL"},{"@type":"Organization","@id":"https:\/\/pancykliniarz.pl\/#organization","name":"Pan Cykliniarz Cyklinowanie Bezpy\u0142owe Cyklinowanie Parkietu Pod\u0142\u00f3g i Schod\u00f3w","url":"https:\/\/pancykliniarz.pl\/","logo":{"@type":"ImageObject","inLanguage":"pl-PL","@id":"https:\/\/pancykliniarz.pl\/#\/schema\/logo\/image\/","url":"https:\/\/pancykliniarz.pl\/wp-content\/uploads\/2023\/02\/cropped-IMG_20220810_225637-2.jpg","contentUrl":"https:\/\/pancykliniarz.pl\/wp-content\/uploads\/2023\/02\/cropped-IMG_20220810_225637-2.jpg","width":260,"height":250,"caption":"Pan Cykliniarz Cyklinowanie Bezpy\u0142owe Cyklinowanie Parkietu Pod\u0142\u00f3g i Schod\u00f3w"},"image":{"@id":"https:\/\/pancykliniarz.pl\/#\/schema\/logo\/image\/"},"sameAs":["https:\/\/www.facebook.com\/profile.php?id=100090941047503"]}]}},"_links":{"self":[{"href":"https:\/\/pancykliniarz.pl\/index.php?rest_route=\/wp\/v2\/pages\/217"}],"collection":[{"href":"https:\/\/pancykliniarz.pl\/index.php?rest_route=\/wp\/v2\/pages"}],"about":[{"href":"https:\/\/pancykliniarz.pl\/index.php?rest_route=\/wp\/v2\/types\/page"}],"author":[{"embeddable":true,"href":"https:\/\/pancykliniarz.pl\/index.php?rest_route=\/wp\/v2\/users\/1"}],"replies":[{"embeddable":true,"href":"https:\/\/pancykliniarz.pl\/index.php?rest_route=%2Fwp%2Fv2%2Fcomments&post=217"}],"version-history":[{"count":30,"href":"https:\/\/pancykliniarz.pl\/index.php?rest_route=\/wp\/v2\/pages\/217\/revisions"}],"predecessor-version":[{"id":509,"href":"https:\/\/pancykliniarz.pl\/index.php?rest_route=\/wp\/v2\/pages\/217\/revisions\/509"}],"wp:attachment":[{"href":"https:\/\/pancykliniarz.pl\/index.php?rest_route=%2Fwp%2Fv2%2Fmedia&parent=217"}],"curies":[{"name":"wp","href":"https:\/\/api.w.org\/{rel}","templated":true}]}}